{"id":680,"date":"2020-11-26T13:00:00","date_gmt":"2020-11-26T18:00:00","guid":{"rendered":"https:\/\/langues-en-continu.uqam.ca\/?post_type=sejour&#038;p=680"},"modified":"2026-04-13T14:49:55","modified_gmt":"2026-04-13T18:49:55","slug":"montreal-encounters","status":"publish","type":"sejour","link":"https:\/\/langues-en-continu.uqam.ca\/en\/immersion\/montreal-encounters\/","title":{"rendered":"Montreal Encounters | People and Cultures of Canada and Quebec"},"content":{"rendered":"\n<p>a joint program offered by<\/p>\n\n\n\n<p><strong>School of Modern Languages and Non-Credit Language Courses <\/strong><br>UNIVERSIT\u00c9 DU QU\u00c9BEC \u00c0 MONTR\u00c9AL (UQAM)<\/p>\n\n\n\n<h2 class=\"wp-block-heading\" id=\"about-uqam\"><strong>About UQAM<\/strong><\/h2>\n\n\n\n<p>UQAM is a dynamic, open, and creative university with an international outreach. Located in the heart of Montreal, Quebec, our university welcomes students from a wide variety of linguistic and cultural communities. Recognized for the high quality of their programs, UQAM\u2019s \u00c9cole de langues (School of Modern Languages) and Formations linguistiques non cr\u00e9dit\u00e9es (Non-Credit Language Courses) invite you to take part in&nbsp;<strong>our immersive culture and language learning experience.&nbsp;<\/strong>Make your summer vacation an opportunity to improve your English with experienced language instructors and other language learners! &nbsp;<\/p>\n\n\n\n<figure class=\"wp-block-image size-full is-resized\"><img loading=\"lazy\" decoding=\"async\" width=\"800\" height=\"300\" src=\"https:\/\/langues-en-continu.uqam.ca\/wp-content\/uploads\/2020\/11\/Preregistration-period-March-23rd-to-May-1st-2026-Registration-period-May-1st-to-June-1st-2026-Payment-is-required-upon-registration-Placement-test-period-June-1st-2026-to-June-8th-2026-2-1.png\" alt=\"\" class=\"wp-image-6653\" style=\"width:840px;height:auto\" srcset=\"https:\/\/langues-en-continu.uqam.ca\/wp-content\/uploads\/2020\/11\/Preregistration-period-March-23rd-to-May-1st-2026-Registration-period-May-1st-to-June-1st-2026-Payment-is-required-upon-registration-Placement-test-period-June-1st-2026-to-June-8th-2026-2-1.png 800w, https:\/\/langues-en-continu.uqam.ca\/wp-content\/uploads\/2020\/11\/Preregistration-period-March-23rd-to-May-1st-2026-Registration-period-May-1st-to-June-1st-2026-Payment-is-required-upon-registration-Placement-test-period-June-1st-2026-to-June-8th-2026-2-1-300x113.png 300w, https:\/\/langues-en-continu.uqam.ca\/wp-content\/uploads\/2020\/11\/Preregistration-period-March-23rd-to-May-1st-2026-Registration-period-May-1st-to-June-1st-2026-Payment-is-required-upon-registration-Placement-test-period-June-1st-2026-to-June-8th-2026-2-1-768x288.png 768w\" sizes=\"auto, (max-width: 800px) 100vw, 800px\" \/><\/figure>\n\n\n\n<div class=\"wp-block-columns is-layout-flex wp-container-core-columns-is-layout-9d6595d7 wp-block-columns-is-layout-flex\">\n<div class=\"wp-block-column col_min_height is-layout-flow wp-block-column-is-layout-flow\">\n<h2 class=\"wp-block-heading\" id=\"target-audience\">Target audience<\/h2>\n\n\n\n<p><strong>University students<\/strong><br>18 years and up<br><\/p>\n<\/div>\n\n\n\n<div class=\"wp-block-column col_min_height is-layout-flow wp-block-column-is-layout-flow\">\n<h2 class=\"wp-block-heading\" id=\"levels-available\">Levels available<\/h2>\n\n\n\n<p>A2 and up*<br><em>*placement test required<\/em><\/p>\n<\/div>\n\n\n\n<div class=\"wp-block-column col_min_height is-layout-flow wp-block-column-is-layout-flow\">\n<h2 class=\"wp-block-heading\" id=\"type-of-course\">Type of course<\/h2>\n\n\n\n<p>A minimum of 15 students is required to open the program<\/p>\n<\/div>\n<\/div>\n\n\n\n<div class=\"wp-block-columns is-layout-flex wp-container-core-columns-is-layout-9d6595d7 wp-block-columns-is-layout-flex\">\n<div class=\"wp-block-column col_min_height rang_deux is-layout-flow wp-block-column-is-layout-flow\">\n<h2 class=\"wp-block-heading\">When<\/h2>\n\n\n\n<p>August 3<sup>rd<\/sup> to August 21<sup>st<\/sup>, 2026<\/p>\n<\/div>\n\n\n\n<div class=\"wp-block-column col_min_height rang_deux is-layout-flow wp-block-column-is-layout-flow\">\n<h2 class=\"wp-block-heading\" id=\"duration\">Duration<\/h2>\n\n\n\n<p><strong>3 weeks<\/strong><br>50 hours of class-time<br>15 hours cultural activities <br>2 full-day discovery excursions<\/p>\n<\/div>\n\n\n\n<div class=\"wp-block-column col_min_height rang_deux is-layout-flow wp-block-column-is-layout-flow\">\n<h2 class=\"wp-block-heading\" id=\"teaching-material\">Teaching material <\/h2>\n\n\n\n<p>Given upon arrival<\/p>\n<\/div>\n<\/div>\n\n\n\n<figure class=\"wp-block-image size-large\"><img loading=\"lazy\" decoding=\"async\" width=\"1024\" height=\"552\" src=\"https:\/\/langues-en-continu.uqam.ca\/wp-content\/uploads\/2021\/05\/39579-Credit-FR-\u00a9-Nicolas-Abou-EN-Credit-\u00a9-Nicolas-Abou-1-1024x552.jpg\" alt=\"\" class=\"wp-image-697\" srcset=\"https:\/\/langues-en-continu.uqam.ca\/wp-content\/uploads\/2021\/05\/39579-Credit-FR-\u00a9-Nicolas-Abou-EN-Credit-\u00a9-Nicolas-Abou-1-1024x552.jpg 1024w, https:\/\/langues-en-continu.uqam.ca\/wp-content\/uploads\/2021\/05\/39579-Credit-FR-\u00a9-Nicolas-Abou-EN-Credit-\u00a9-Nicolas-Abou-1-300x162.jpg 300w, https:\/\/langues-en-continu.uqam.ca\/wp-content\/uploads\/2021\/05\/39579-Credit-FR-\u00a9-Nicolas-Abou-EN-Credit-\u00a9-Nicolas-Abou-1-768x414.jpg 768w, https:\/\/langues-en-continu.uqam.ca\/wp-content\/uploads\/2021\/05\/39579-Credit-FR-\u00a9-Nicolas-Abou-EN-Credit-\u00a9-Nicolas-Abou-1-1536x828.jpg 1536w, https:\/\/langues-en-continu.uqam.ca\/wp-content\/uploads\/2021\/05\/39579-Credit-FR-\u00a9-Nicolas-Abou-EN-Credit-\u00a9-Nicolas-Abou-1-2048x1104.jpg 2048w\" sizes=\"auto, (max-width: 1024px) 100vw, 1024px\" \/><figcaption class=\"wp-element-caption\">Photo by&nbsp;Nicolas Abou : view from the Kondiaronk belvedere, &#8220;Montreal au coucher de soleil&#8221;<\/figcaption><\/figure>\n\n\n\n<h2 class=\"wp-block-heading\" id=\"about-this-program\"><strong>About This Program<\/strong><\/h2>\n\n\n\n<p>In this program, you will:<\/p>\n\n\n\n<p>1.&nbsp;discover<strong>&nbsp;Canadian and Quebec cultures&nbsp;<\/strong>&#8211; explore topics such as Canadian society, Quebec traditions, what it means to be a Montrealer, and why Canada is famous for its nature;<\/p>\n\n\n\n<p>2.&nbsp;participate in theme-based tasks using English in <strong>group activities and team projects;<\/strong><\/p>\n\n\n\n<p>3. put your <strong>English skills<\/strong> into action and strengthen your communication for everyday life, university, and the workplace.<\/p>\n\n\n\n<p>4.&nbsp;be introduced to <strong>basic French vocabulary and expressions<\/strong>&nbsp;for simple everyday conversations;&nbsp;&nbsp;<\/p>\n\n\n\n<p>5. connect in&nbsp;<strong>a \u201cbuddy\u201d program<\/strong>&nbsp;with your Canadian student peers \u2013 practice your conversational English daily. <br>This year&#8217;s program includes <strong>twice as many conversational partners<\/strong> as the previous year. <br>More buddies \u2014 more fun!<\/p>\n\n\n\n<p>If you are looking&nbsp;<strong>to learn<\/strong>,&nbsp;<strong>to meet students&nbsp;<\/strong>from Canada, to&nbsp;<strong>be inspired<\/strong>&nbsp;by a new culture, and to <strong>have fun<\/strong>&nbsp;\u2013 this program is for you!<\/p>\n\n\n\n<h2 class=\"wp-block-heading\" id=\"what-you-ll-learn\">What You&#8217;ll Learn<\/h2>\n\n\n\n<p>You will also discover <strong>Canadian and Quebec cultures <\/strong>through interactive activities<\/p>\n\n\n\n<ul class=\"wp-block-list\">\n<li>Languages in Canada and Quebec<\/li>\n\n\n\n<li>Montreal\u2019s history, community, culture and traditions<\/li>\n\n\n\n<li>Indigenous peoples of Canada<\/li>\n\n\n\n<li>Society and people of Canada and Quebec<\/li>\n\n\n\n<li>The role of nature and environment in Canada and Quebec<\/li>\n<\/ul>\n\n\n\n<p>You will develop your <strong>English communication skills for effective interactions<\/strong> in the following contexts:<\/p>\n\n\n\n<ul class=\"wp-block-list\">\n<li>Everyday conversations<\/li>\n\n\n\n<li>Formal interviews and workplace interactions<\/li>\n\n\n\n<li>Discussions and debates<\/li>\n\n\n\n<li>Presentations<\/li>\n<\/ul>\n\n\n\n<h2 class=\"wp-block-heading\">Admission Requirements<\/h2>\n\n\n\n<ul class=\"wp-block-list\">\n<li>Minimum English language requirements: &nbsp;<br>TOEFL ITP 350 \/ TOEFL iBT 25 (or 2 on the new 2026 scale) \/ TOEIC 250 \/ IELTS 3.5 \/ Duolingo 35<\/li>\n\n\n\n<li>No prior knowledge of French is required.<\/li>\n\n\n\n<li>This program is designed for adults (18+) learning a second language.<\/li>\n\n\n\n<li>Students must arrive on <strong>Friday, July 31<sup>st<\/sup> or Saturday, August 1<sup>st<\/sup>, 2026.<\/strong><\/li>\n<\/ul>\n\n\n\n<figure class=\"wp-block-image size-large\"><img loading=\"lazy\" decoding=\"async\" width=\"1024\" height=\"683\" src=\"https:\/\/langues-en-continu.uqam.ca\/wp-content\/uploads\/2020\/11\/30000-Credit-FR-\u00a9-Tourisme-Montreal-Stephan-Poulin-EN-Credit-\u00a9-Tourisme-Montreal-Stephan-Poulin-1024x683.jpg\" alt=\"\" class=\"wp-image-6430\" srcset=\"https:\/\/langues-en-continu.uqam.ca\/wp-content\/uploads\/2020\/11\/30000-Credit-FR-\u00a9-Tourisme-Montreal-Stephan-Poulin-EN-Credit-\u00a9-Tourisme-Montreal-Stephan-Poulin-1024x683.jpg 1024w, https:\/\/langues-en-continu.uqam.ca\/wp-content\/uploads\/2020\/11\/30000-Credit-FR-\u00a9-Tourisme-Montreal-Stephan-Poulin-EN-Credit-\u00a9-Tourisme-Montreal-Stephan-Poulin-300x200.jpg 300w, https:\/\/langues-en-continu.uqam.ca\/wp-content\/uploads\/2020\/11\/30000-Credit-FR-\u00a9-Tourisme-Montreal-Stephan-Poulin-EN-Credit-\u00a9-Tourisme-Montreal-Stephan-Poulin-768x512.jpg 768w, https:\/\/langues-en-continu.uqam.ca\/wp-content\/uploads\/2020\/11\/30000-Credit-FR-\u00a9-Tourisme-Montreal-Stephan-Poulin-EN-Credit-\u00a9-Tourisme-Montreal-Stephan-Poulin-1536x1024.jpg 1536w, https:\/\/langues-en-continu.uqam.ca\/wp-content\/uploads\/2020\/11\/30000-Credit-FR-\u00a9-Tourisme-Montreal-Stephan-Poulin-EN-Credit-\u00a9-Tourisme-Montreal-Stephan-Poulin-2048x1365.jpg 2048w\" sizes=\"auto, (max-width: 1024px) 100vw, 1024px\" \/><figcaption class=\"wp-element-caption\">Photo by: \u00a9 Tourisme Montr\u00e9al, St\u00e9phan Poulin<\/figcaption><\/figure>\n\n\n\n<h2 class=\"wp-block-heading\">SCHEDULE OVERVIEW<\/h2>\n\n\n\n<p><strong>(Preliminary schedule subject to change)<\/strong><\/p>\n\n\n\n<p><strong>WEEK 1<\/strong><\/p>\n\n\n\n<figure class=\"wp-block-image size-large\"><img loading=\"lazy\" decoding=\"async\" width=\"1024\" height=\"750\" src=\"https:\/\/langues-en-continu.uqam.ca\/wp-content\/uploads\/2020\/11\/Screenshot-2026-04-13-133427-1024x750.png\" alt=\"\" class=\"wp-image-6916\" srcset=\"https:\/\/langues-en-continu.uqam.ca\/wp-content\/uploads\/2020\/11\/Screenshot-2026-04-13-133427-1024x750.png 1024w, https:\/\/langues-en-continu.uqam.ca\/wp-content\/uploads\/2020\/11\/Screenshot-2026-04-13-133427-300x220.png 300w, https:\/\/langues-en-continu.uqam.ca\/wp-content\/uploads\/2020\/11\/Screenshot-2026-04-13-133427-768x563.png 768w, https:\/\/langues-en-continu.uqam.ca\/wp-content\/uploads\/2020\/11\/Screenshot-2026-04-13-133427-1536x1125.png 1536w, https:\/\/langues-en-continu.uqam.ca\/wp-content\/uploads\/2020\/11\/Screenshot-2026-04-13-133427-2048x1500.png 2048w\" sizes=\"auto, (max-width: 1024px) 100vw, 1024px\" \/><\/figure>\n\n\n\n<p><strong><strong>WEEK 2<\/strong><\/strong><\/p>\n\n\n\n<figure class=\"wp-block-image size-large\"><img loading=\"lazy\" decoding=\"async\" width=\"1024\" height=\"711\" src=\"https:\/\/langues-en-continu.uqam.ca\/wp-content\/uploads\/2020\/11\/Screenshot-2026-04-13-133457-1024x711.png\" alt=\"\" class=\"wp-image-6919\" srcset=\"https:\/\/langues-en-continu.uqam.ca\/wp-content\/uploads\/2020\/11\/Screenshot-2026-04-13-133457-1024x711.png 1024w, https:\/\/langues-en-continu.uqam.ca\/wp-content\/uploads\/2020\/11\/Screenshot-2026-04-13-133457-300x208.png 300w, https:\/\/langues-en-continu.uqam.ca\/wp-content\/uploads\/2020\/11\/Screenshot-2026-04-13-133457-768x534.png 768w, https:\/\/langues-en-continu.uqam.ca\/wp-content\/uploads\/2020\/11\/Screenshot-2026-04-13-133457-1536x1067.png 1536w, https:\/\/langues-en-continu.uqam.ca\/wp-content\/uploads\/2020\/11\/Screenshot-2026-04-13-133457-2048x1423.png 2048w\" sizes=\"auto, (max-width: 1024px) 100vw, 1024px\" \/><\/figure>\n\n\n\n<div class=\"wp-block-group\"><div class=\"wp-block-group__inner-container is-layout-flow wp-block-group-is-layout-flow\">\n<p><strong>WEEK 3<\/strong><\/p>\n<\/div><\/div>\n\n\n\n<figure class=\"wp-block-image size-large\"><img loading=\"lazy\" decoding=\"async\" width=\"1024\" height=\"717\" src=\"https:\/\/langues-en-continu.uqam.ca\/wp-content\/uploads\/2020\/11\/Screenshot-2026-04-13-133531-1024x717.png\" alt=\"\" class=\"wp-image-6921\" srcset=\"https:\/\/langues-en-continu.uqam.ca\/wp-content\/uploads\/2020\/11\/Screenshot-2026-04-13-133531-1024x717.png 1024w, https:\/\/langues-en-continu.uqam.ca\/wp-content\/uploads\/2020\/11\/Screenshot-2026-04-13-133531-300x210.png 300w, https:\/\/langues-en-continu.uqam.ca\/wp-content\/uploads\/2020\/11\/Screenshot-2026-04-13-133531-768x538.png 768w, https:\/\/langues-en-continu.uqam.ca\/wp-content\/uploads\/2020\/11\/Screenshot-2026-04-13-133531-1536x1075.png 1536w, https:\/\/langues-en-continu.uqam.ca\/wp-content\/uploads\/2020\/11\/Screenshot-2026-04-13-133531-2048x1434.png 2048w\" sizes=\"auto, (max-width: 1024px) 100vw, 1024px\" \/><\/figure>\n\n\n\n<figure class=\"wp-block-image size-large is-resized\"><img loading=\"lazy\" decoding=\"async\" width=\"1024\" height=\"682\" src=\"https:\/\/langues-en-continu.uqam.ca\/wp-content\/uploads\/2021\/05\/eva-blue-1xgnRBvF_UI-unsplash-1024x682.jpg\" alt=\" Jacques-Cartier Bridge, Montr\u00e9al\" class=\"wp-image-693\" srcset=\"https:\/\/langues-en-continu.uqam.ca\/wp-content\/uploads\/2021\/05\/eva-blue-1xgnRBvF_UI-unsplash-1024x682.jpg 1024w, https:\/\/langues-en-continu.uqam.ca\/wp-content\/uploads\/2021\/05\/eva-blue-1xgnRBvF_UI-unsplash-300x200.jpg 300w, https:\/\/langues-en-continu.uqam.ca\/wp-content\/uploads\/2021\/05\/eva-blue-1xgnRBvF_UI-unsplash-768x511.jpg 768w, https:\/\/langues-en-continu.uqam.ca\/wp-content\/uploads\/2021\/05\/eva-blue-1xgnRBvF_UI-unsplash-1536x1022.jpg 1536w, https:\/\/langues-en-continu.uqam.ca\/wp-content\/uploads\/2021\/05\/eva-blue-1xgnRBvF_UI-unsplash-2048x1363.jpg 2048w\" sizes=\"auto, (max-width: 1024px) 100vw, 1024px\" \/><figcaption class=\"wp-element-caption\">Photo by&nbsp;<a href=\"https:\/\/unsplash.com\/@evablue?utm_source=unsplash&amp;utm_medium=referral&amp;utm_content=creditCopyText\">Eva Blue<\/a>&nbsp;on&nbsp;<a href=\"https:\/\/unsplash.com\/s\/photos\/montr%C3%A9al?utm_source=unsplash&amp;utm_medium=referral&amp;utm_content=creditCopyText\">Unsplash<\/a><\/figcaption><\/figure>\n\n\n\n<h2 class=\"wp-block-heading\" id=\"enrolment-procedures\"><strong>Enrollment Procedures<\/strong><\/h2>\n\n\n\n<h3 class=\"wp-block-heading\" id=\"registration-and-payment\">Registration and Payment<\/h3>\n\n\n\n<div class=\"wp-block-group\"><div class=\"wp-block-group__inner-container is-layout-flow wp-block-group-is-layout-flow\">\n<div class=\"wp-block-group\"><div class=\"wp-block-group__inner-container is-layout-flow wp-block-group-is-layout-flow\">\n<p>Preregistration period: March 23<sup>rd<\/sup> to May 1<sup>st<\/sup>, 2026 <br>Registration period: May 1<sup>st<\/sup> to June 1<sup>st<\/sup>, 2026 <strong>(Payment is required upon registration)<\/strong><br>Placement test period: June 1<sup>st, <\/sup>2026 to June 8<sup>th<\/sup>, 2026<\/p>\n\n\n\n<figure class=\"wp-block-image size-large\"><a href=\"https:\/\/dialoginsight.uqam.ca\/T\/WF\/34424\/ijYiMw\/Optin\/fr-CA\/Form.ofsys\"><img loading=\"lazy\" decoding=\"async\" width=\"1024\" height=\"256\" src=\"https:\/\/langues-en-continu.uqam.ca\/wp-content\/uploads\/2020\/11\/Click-here-to-pre-register-1-1024x256.png\" alt=\"\" class=\"wp-image-6883\" srcset=\"https:\/\/langues-en-continu.uqam.ca\/wp-content\/uploads\/2020\/11\/Click-here-to-pre-register-1-1024x256.png 1024w, https:\/\/langues-en-continu.uqam.ca\/wp-content\/uploads\/2020\/11\/Click-here-to-pre-register-1-300x75.png 300w, https:\/\/langues-en-continu.uqam.ca\/wp-content\/uploads\/2020\/11\/Click-here-to-pre-register-1-768x192.png 768w, https:\/\/langues-en-continu.uqam.ca\/wp-content\/uploads\/2020\/11\/Click-here-to-pre-register-1.png 1200w\" sizes=\"auto, (max-width: 1024px) 100vw, 1024px\" \/><\/a><\/figure>\n<\/div><\/div>\n<\/div><\/div>\n\n\n\n<h3 class=\"wp-block-heading\" id=\"placement-test\">Placement Test<\/h3>\n\n\n\n<p>Following your official paid registration, UQAM&#8217;s Linguistic Assessment Center (Centre d\u2019\u00e9valuation des comp\u00e9tences linguistiques [CECL]) will send you an invitation to take a placement test.<\/p>\n\n\n\n<h3 class=\"wp-block-heading\" id=\"cancellation-policies\">Cancellation Policies<\/h3>\n\n\n\n<p><strong>Cancellation policy for program fees<\/strong><\/p>\n\n\n\n<ul class=\"wp-block-list\">\n<li>In the case of cancellation by the student, program fees are refunded as follows:<\/li>\n\n\n\n<li>There will be a 70% reimbursement of program fees for a cancellation that is submitted between June 1<sup>st<\/sup> and July 10<sup>th<\/sup>.<\/li>\n\n\n\n<li>There will be a 50% reimbursement of program fees for a cancellation that is submitted between July 11<sup>th<\/sup> and August 1<sup>st<\/sup>.<\/li>\n\n\n\n<li>Starting on August 2<sup>nd<\/sup>, no reimbursement will be possible.<\/li>\n<\/ul>\n\n\n\n<p>You will be required to submit your <strong>reimbursement request in writing<\/strong> to the e-mail address <a href=\"mailto:languesnoncr@uqam.ca\">languesnoncr@uqam.ca<\/a>, detailing the reasons for the cancellation. In addition, you must provide the relevant official document pertaining to the reason for your cancellation:<\/p>\n\n\n\n<ul class=\"wp-block-list\">\n<li>In case of sickness: provide an official letter from a medical practitioner<\/li>\n\n\n\n<li>In case of inability to obtain your visa: provide the official letter of refusal<\/li>\n\n\n\n<li>In case of a late visa: provide the official document detailing the delay<\/li>\n<\/ul>\n\n\n\n<p>The amount due to you will be refunded according to the initial payment method you used.<\/p>\n\n\n\n<p>In case of failure to comply with the above policy, no refund will be granted.<\/p>\n\n\n\n<p><strong>Cancellation policy for homestay fees<\/strong><\/p>\n\n\n\n<p>There will be a 50% reimbursement of homestay fees for cancellations done up to 1 month prior to July 3<sup>rd<\/sup>. No reimbursement will be made for cancellations on July 4<sup>th<\/sup> or later.<\/p>\n\n\n\n<h2 class=\"wp-block-heading\" id=\"cost\">Costs <\/h2>\n\n\n\n<p><strong>Tuition fees:<\/strong> <strong>CAD<\/strong> <strong>2,100&nbsp;<\/strong> <br><em>(Includes registration, placement test, tuition, course materials, three themed lunches and a farewell reception, afternoon activities, weekend excursions, and the OPUS transportation card.)<\/em><br><\/p>\n\n\n\n<p><strong>Accomodation<\/strong><br><em>These are the two options for your stay during the Montreal Encounters program:<\/em><br><br><strong><a href=\"https:\/\/langues-en-continu.uqam.ca\/wp-content\/uploads\/2026\/03\/MONTREAL-ENCOUNTERS-EN.pdf\">Host family &#8211; MS Homestays&nbsp;<\/a><\/strong><br><em><a href=\"https:\/\/langues-en-continu.uqam.ca\/wp-content\/uploads\/2026\/03\/MS-INFO-FR-UQAM-4.pdf\"><strong>\u200b\u200b\u200b\u200b\u200b<\/strong><\/a>Homestay accommodation \u2013 3 meals | starting at <strong>$1,637 CAD<\/strong><\/em><br><strong>The package includes round\u2011trip airport transfer&nbsp;<\/strong><br><strong>(airport \u2013 homestay \u2013 airport)<\/strong><\/p>\n\n\n\n<hr class=\"wp-block-separator has-alpha-channel-opacity\"\/>\n\n\n\n<p><strong>To find out more about credited English programs, visit the <a href=\"https:\/\/langues.uqam.ca\/anglais\/\">\u00c9cole de langues <\/a>website.<\/strong><\/p>\n\n\n\n<p><strong>Discover our other Language immersion programs in the <a href=\"https:\/\/langues-en-continu.uqam.ca\/en\/sejours\/\">Non-Credit Language Courses <\/a>department.<\/strong><\/p>\n\n\n\n<p><\/p>\n\n\n\n<h2 class=\"wp-block-heading\"><a href=\"https:\/\/langues-en-continu.uqam.ca\/wp-content\/uploads\/2026\/04\/Lite-V2-Montreal-Encounters-2026-Calendar.pdf\">2026 Calendar<\/a><\/h2>\n\n\n\n<p><\/p>\n","protected":false},"featured_media":0,"template":"","meta":{"_acf_changed":false,"footnotes":""},"saison":[28],"lieu":[8],"moment":[33],"public":[],"langue":[40],"class_list":["post-680","sejour","type-sejour","status-publish","hentry","saison-summer","lieu-en-presence","moment-day","langue-english"],"acf":[],"yoast_head":"<!-- This site is optimized with the Yoast SEO plugin v27.5 - https:\/\/yoast.com\/product\/yoast-seo-wordpress\/ -->\n<title>Montreal Encounters | People and Cultures of Canada and Quebec - Formations linguistiques non cr\u00e9dit\u00e9es<\/title>\n<meta name=\"description\" content=\"Take part in\u00a0our immersive online language learning experience.\u00a0Make your summer vacation an opportunity to improve your English.\" \/>\n<meta name=\"robots\" content=\"index, follow, max-snippet:-1, max-image-preview:large, max-video-preview:-1\" \/>\n<link rel=\"canonical\" href=\"https:\/\/langues-en-continu.uqam.ca\/en\/immersion\/montreal-encounters\/\" \/>\n<meta property=\"og:locale\" content=\"en_US\" \/>\n<meta property=\"og:type\" content=\"article\" \/>\n<meta property=\"og:title\" content=\"Montreal Encounters | People and Cultures of Canada and Quebec - Formations linguistiques non cr\u00e9dit\u00e9es\" \/>\n<meta property=\"og:description\" content=\"Take part in\u00a0our immersive online language learning experience.\u00a0Make your summer vacation an opportunity to improve your English.\" \/>\n<meta property=\"og:url\" content=\"https:\/\/langues-en-continu.uqam.ca\/en\/immersion\/montreal-encounters\/\" \/>\n<meta property=\"og:site_name\" content=\"Formations linguistiques non cr\u00e9dit\u00e9es\" \/>\n<meta property=\"article:publisher\" content=\"https:\/\/www.facebook.com\/formationslinguistiquesnoncr\" \/>\n<meta property=\"article:modified_time\" content=\"2026-04-13T18:49:55+00:00\" \/>\n<meta property=\"og:image\" content=\"https:\/\/langues-en-continu.uqam.ca\/wp-content\/uploads\/2020\/11\/Preregistration-period-March-23rd-to-May-1st-2026-Registration-period-May-1st-to-June-1st-2026-Payment-is-required-upon-registration-Placement-test-period-June-1st-2026-to-June-8th-2026-2-1.png\" \/>\n\t<meta property=\"og:image:width\" content=\"800\" \/>\n\t<meta property=\"og:image:height\" content=\"300\" \/>\n\t<meta property=\"og:image:type\" content=\"image\/png\" \/>\n<meta name=\"twitter:card\" content=\"summary_large_image\" \/>\n<meta name=\"twitter:label1\" content=\"Est. reading time\" \/>\n\t<meta name=\"twitter:data1\" content=\"7 minutes\" \/>\n<script type=\"application\/ld+json\" class=\"yoast-schema-graph\">{\"@context\":\"https:\\\/\\\/schema.org\",\"@graph\":[{\"@type\":\"WebPage\",\"@id\":\"https:\\\/\\\/langues-en-continu.uqam.ca\\\/en\\\/immersion\\\/montreal-encounters\\\/\",\"url\":\"https:\\\/\\\/langues-en-continu.uqam.ca\\\/en\\\/immersion\\\/montreal-encounters\\\/\",\"name\":\"Montreal Encounters | People and Cultures of Canada and Quebec - Formations linguistiques non cr\u00e9dit\u00e9es\",\"isPartOf\":{\"@id\":\"https:\\\/\\\/langues-en-continu.uqam.ca\\\/#website\"},\"primaryImageOfPage\":{\"@id\":\"https:\\\/\\\/langues-en-continu.uqam.ca\\\/en\\\/immersion\\\/montreal-encounters\\\/#primaryimage\"},\"image\":{\"@id\":\"https:\\\/\\\/langues-en-continu.uqam.ca\\\/en\\\/immersion\\\/montreal-encounters\\\/#primaryimage\"},\"thumbnailUrl\":\"https:\\\/\\\/langues-en-continu.uqam.ca\\\/wp-content\\\/uploads\\\/2020\\\/11\\\/Preregistration-period-March-23rd-to-May-1st-2026-Registration-period-May-1st-to-June-1st-2026-Payment-is-required-upon-registration-Placement-test-period-June-1st-2026-to-June-8th-2026-2-1.png\",\"datePublished\":\"2020-11-26T18:00:00+00:00\",\"dateModified\":\"2026-04-13T18:49:55+00:00\",\"description\":\"Take part in\u00a0our immersive online language learning experience.\u00a0Make your summer vacation an opportunity to improve your English.\",\"breadcrumb\":{\"@id\":\"https:\\\/\\\/langues-en-continu.uqam.ca\\\/en\\\/immersion\\\/montreal-encounters\\\/#breadcrumb\"},\"inLanguage\":\"en-CA\",\"potentialAction\":[{\"@type\":\"ReadAction\",\"target\":[\"https:\\\/\\\/langues-en-continu.uqam.ca\\\/en\\\/immersion\\\/montreal-encounters\\\/\"]}]},{\"@type\":\"ImageObject\",\"inLanguage\":\"en-CA\",\"@id\":\"https:\\\/\\\/langues-en-continu.uqam.ca\\\/en\\\/immersion\\\/montreal-encounters\\\/#primaryimage\",\"url\":\"https:\\\/\\\/langues-en-continu.uqam.ca\\\/wp-content\\\/uploads\\\/2020\\\/11\\\/Preregistration-period-March-23rd-to-May-1st-2026-Registration-period-May-1st-to-June-1st-2026-Payment-is-required-upon-registration-Placement-test-period-June-1st-2026-to-June-8th-2026-2-1.png\",\"contentUrl\":\"https:\\\/\\\/langues-en-continu.uqam.ca\\\/wp-content\\\/uploads\\\/2020\\\/11\\\/Preregistration-period-March-23rd-to-May-1st-2026-Registration-period-May-1st-to-June-1st-2026-Payment-is-required-upon-registration-Placement-test-period-June-1st-2026-to-June-8th-2026-2-1.png\"},{\"@type\":\"BreadcrumbList\",\"@id\":\"https:\\\/\\\/langues-en-continu.uqam.ca\\\/en\\\/immersion\\\/montreal-encounters\\\/#breadcrumb\",\"itemListElement\":[{\"@type\":\"ListItem\",\"position\":1,\"name\":\"UQAM\",\"item\":\"https:\\\/\\\/uqam.ca\"},{\"@type\":\"ListItem\",\"position\":2,\"name\":\"Formations linguistiques non cr\u00e9dit\u00e9es\",\"item\":\"https:\\\/\\\/langues-en-continu.uqam.ca\\\/en\\\/\"},{\"@type\":\"ListItem\",\"position\":3,\"name\":\"S\u00e9jours linguistiques\",\"item\":\"https:\\\/\\\/langues-en-continu.uqam.ca\\\/en\\\/sejours\\\/\"},{\"@type\":\"ListItem\",\"position\":4,\"name\":\"Montreal Encounters | People and Cultures of Canada and Quebec\"}]},{\"@type\":\"WebSite\",\"@id\":\"https:\\\/\\\/langues-en-continu.uqam.ca\\\/#website\",\"url\":\"https:\\\/\\\/langues-en-continu.uqam.ca\\\/\",\"name\":\"Formations linguistiques non cr\u00e9dit\u00e9es\",\"description\":\"Formations linguistiques non cr\u00e9dit\u00e9es\",\"publisher\":{\"@id\":\"https:\\\/\\\/langues-en-continu.uqam.ca\\\/#organization\"},\"potentialAction\":[{\"@type\":\"SearchAction\",\"target\":{\"@type\":\"EntryPoint\",\"urlTemplate\":\"https:\\\/\\\/langues-en-continu.uqam.ca\\\/en\\\/\\\/recherche\\\/?q={search_term_string}\"},\"query-input\":{\"@type\":\"PropertyValueSpecification\",\"valueRequired\":true,\"valueName\":\"search_term_string\"}}],\"inLanguage\":\"en-CA\"},{\"@type\":\"Organization\",\"@id\":\"https:\\\/\\\/langues-en-continu.uqam.ca\\\/#organization\",\"name\":\"Langues en continu\",\"url\":\"https:\\\/\\\/langues-en-continu.uqam.ca\\\/\",\"logo\":{\"@type\":\"ImageObject\",\"inLanguage\":\"en-CA\",\"@id\":\"https:\\\/\\\/langues-en-continu.uqam.ca\\\/#\\\/schema\\\/logo\\\/image\\\/\",\"url\":\"https:\\\/\\\/gabarit-adaptatif.uqam.ca\\\/statique\\\/images\\\/logo-uqam.jpg\",\"contentUrl\":\"\",\"caption\":\"Langues en continu\"},\"image\":{\"@id\":\"https:\\\/\\\/langues-en-continu.uqam.ca\\\/#\\\/schema\\\/logo\\\/image\\\/\"},\"sameAs\":[\"https:\\\/\\\/www.facebook.com\\\/formationslinguistiquesnoncr\",\"https:\\\/\\\/www.instagram.com\\\/uqam_flnc\\\/?hl=fr\",\"https:\\\/\\\/www.linkedin.com\\\/company\\\/formations-linguistiques-non-cr\u00e9dit\u00e9es-uqam\\\/?viewAsMember=true\",\"https:\\\/\\\/www.youtube.com\\\/channel\\\/UCuOyS0Cg_x0w4RW4l29z4tw\"],\"parentOrganization\":{\"@type\":\"EducationalOrganization\",\"@id\":\"https:\\\/\\\/uqam.ca\\\/#organization\",\"name\":\"Universit\u00e9 du Qu\u00e9bec \u00e0 Montr\u00e9al\",\"url\":\"https:\\\/\\\/uqam.ca\",\"alternateName\":\"UQAM\",\"logo\":\"https:\\\/\\\/gabarit-adaptatif.uqam.ca\\\/statique\\\/images\\\/logo-uqam.jpg\"}}]}<\/script>\n<!-- \/ Yoast SEO plugin. -->","yoast_head_json":{"title":"Montreal Encounters | People and Cultures of Canada and Quebec - Formations linguistiques non cr\u00e9dit\u00e9es","description":"Take part in\u00a0our immersive online language learning experience.\u00a0Make your summer vacation an opportunity to improve your English.","robots":{"index":"index","follow":"follow","max-snippet":"max-snippet:-1","max-image-preview":"max-image-preview:large","max-video-preview":"max-video-preview:-1"},"canonical":"https:\/\/langues-en-continu.uqam.ca\/en\/immersion\/montreal-encounters\/","og_locale":"en_US","og_type":"article","og_title":"Montreal Encounters | People and Cultures of Canada and Quebec - Formations linguistiques non cr\u00e9dit\u00e9es","og_description":"Take part in\u00a0our immersive online language learning experience.\u00a0Make your summer vacation an opportunity to improve your English.","og_url":"https:\/\/langues-en-continu.uqam.ca\/en\/immersion\/montreal-encounters\/","og_site_name":"Formations linguistiques non cr\u00e9dit\u00e9es","article_publisher":"https:\/\/www.facebook.com\/formationslinguistiquesnoncr","article_modified_time":"2026-04-13T18:49:55+00:00","og_image":[{"width":800,"height":300,"url":"https:\/\/langues-en-continu.uqam.ca\/wp-content\/uploads\/2020\/11\/Preregistration-period-March-23rd-to-May-1st-2026-Registration-period-May-1st-to-June-1st-2026-Payment-is-required-upon-registration-Placement-test-period-June-1st-2026-to-June-8th-2026-2-1.png","type":"image\/png"}],"twitter_card":"summary_large_image","twitter_misc":{"Est. reading time":"7 minutes"},"schema":{"@context":"https:\/\/schema.org","@graph":[{"@type":"WebPage","@id":"https:\/\/langues-en-continu.uqam.ca\/en\/immersion\/montreal-encounters\/","url":"https:\/\/langues-en-continu.uqam.ca\/en\/immersion\/montreal-encounters\/","name":"Montreal Encounters | People and Cultures of Canada and Quebec - Formations linguistiques non cr\u00e9dit\u00e9es","isPartOf":{"@id":"https:\/\/langues-en-continu.uqam.ca\/#website"},"primaryImageOfPage":{"@id":"https:\/\/langues-en-continu.uqam.ca\/en\/immersion\/montreal-encounters\/#primaryimage"},"image":{"@id":"https:\/\/langues-en-continu.uqam.ca\/en\/immersion\/montreal-encounters\/#primaryimage"},"thumbnailUrl":"https:\/\/langues-en-continu.uqam.ca\/wp-content\/uploads\/2020\/11\/Preregistration-period-March-23rd-to-May-1st-2026-Registration-period-May-1st-to-June-1st-2026-Payment-is-required-upon-registration-Placement-test-period-June-1st-2026-to-June-8th-2026-2-1.png","datePublished":"2020-11-26T18:00:00+00:00","dateModified":"2026-04-13T18:49:55+00:00","description":"Take part in\u00a0our immersive online language learning experience.\u00a0Make your summer vacation an opportunity to improve your English.","breadcrumb":{"@id":"https:\/\/langues-en-continu.uqam.ca\/en\/immersion\/montreal-encounters\/#breadcrumb"},"inLanguage":"en-CA","potentialAction":[{"@type":"ReadAction","target":["https:\/\/langues-en-continu.uqam.ca\/en\/immersion\/montreal-encounters\/"]}]},{"@type":"ImageObject","inLanguage":"en-CA","@id":"https:\/\/langues-en-continu.uqam.ca\/en\/immersion\/montreal-encounters\/#primaryimage","url":"https:\/\/langues-en-continu.uqam.ca\/wp-content\/uploads\/2020\/11\/Preregistration-period-March-23rd-to-May-1st-2026-Registration-period-May-1st-to-June-1st-2026-Payment-is-required-upon-registration-Placement-test-period-June-1st-2026-to-June-8th-2026-2-1.png","contentUrl":"https:\/\/langues-en-continu.uqam.ca\/wp-content\/uploads\/2020\/11\/Preregistration-period-March-23rd-to-May-1st-2026-Registration-period-May-1st-to-June-1st-2026-Payment-is-required-upon-registration-Placement-test-period-June-1st-2026-to-June-8th-2026-2-1.png"},{"@type":"BreadcrumbList","@id":"https:\/\/langues-en-continu.uqam.ca\/en\/immersion\/montreal-encounters\/#breadcrumb","itemListElement":[{"@type":"ListItem","position":1,"name":"UQAM","item":"https:\/\/uqam.ca"},{"@type":"ListItem","position":2,"name":"Formations linguistiques non cr\u00e9dit\u00e9es","item":"https:\/\/langues-en-continu.uqam.ca\/en\/"},{"@type":"ListItem","position":3,"name":"S\u00e9jours linguistiques","item":"https:\/\/langues-en-continu.uqam.ca\/en\/sejours\/"},{"@type":"ListItem","position":4,"name":"Montreal Encounters | People and Cultures of Canada and Quebec"}]},{"@type":"WebSite","@id":"https:\/\/langues-en-continu.uqam.ca\/#website","url":"https:\/\/langues-en-continu.uqam.ca\/","name":"Formations linguistiques non cr\u00e9dit\u00e9es","description":"Formations linguistiques non cr\u00e9dit\u00e9es","publisher":{"@id":"https:\/\/langues-en-continu.uqam.ca\/#organization"},"potentialAction":[{"@type":"SearchAction","target":{"@type":"EntryPoint","urlTemplate":"https:\/\/langues-en-continu.uqam.ca\/en\/\/recherche\/?q={search_term_string}"},"query-input":{"@type":"PropertyValueSpecification","valueRequired":true,"valueName":"search_term_string"}}],"inLanguage":"en-CA"},{"@type":"Organization","@id":"https:\/\/langues-en-continu.uqam.ca\/#organization","name":"Langues en continu","url":"https:\/\/langues-en-continu.uqam.ca\/","logo":{"@type":"ImageObject","inLanguage":"en-CA","@id":"https:\/\/langues-en-continu.uqam.ca\/#\/schema\/logo\/image\/","url":"https:\/\/gabarit-adaptatif.uqam.ca\/statique\/images\/logo-uqam.jpg","contentUrl":"","caption":"Langues en continu"},"image":{"@id":"https:\/\/langues-en-continu.uqam.ca\/#\/schema\/logo\/image\/"},"sameAs":["https:\/\/www.facebook.com\/formationslinguistiquesnoncr","https:\/\/www.instagram.com\/uqam_flnc\/?hl=fr","https:\/\/www.linkedin.com\/company\/formations-linguistiques-non-cr\u00e9dit\u00e9es-uqam\/?viewAsMember=true","https:\/\/www.youtube.com\/channel\/UCuOyS0Cg_x0w4RW4l29z4tw"],"parentOrganization":{"@type":"EducationalOrganization","@id":"https:\/\/uqam.ca\/#organization","name":"Universit\u00e9 du Qu\u00e9bec \u00e0 Montr\u00e9al","url":"https:\/\/uqam.ca","alternateName":"UQAM","logo":"https:\/\/gabarit-adaptatif.uqam.ca\/statique\/images\/logo-uqam.jpg"}}]}},"_links":{"self":[{"href":"https:\/\/langues-en-continu.uqam.ca\/en\/wp-json\/wp\/v2\/sejour\/680","targetHints":{"allow":["GET"]}}],"collection":[{"href":"https:\/\/langues-en-continu.uqam.ca\/en\/wp-json\/wp\/v2\/sejour"}],"about":[{"href":"https:\/\/langues-en-continu.uqam.ca\/en\/wp-json\/wp\/v2\/types\/sejour"}],"version-history":[{"count":57,"href":"https:\/\/langues-en-continu.uqam.ca\/en\/wp-json\/wp\/v2\/sejour\/680\/revisions"}],"predecessor-version":[{"id":6926,"href":"https:\/\/langues-en-continu.uqam.ca\/en\/wp-json\/wp\/v2\/sejour\/680\/revisions\/6926"}],"wp:attachment":[{"href":"https:\/\/langues-en-continu.uqam.ca\/en\/wp-json\/wp\/v2\/media?parent=680"}],"wp:term":[{"taxonomy":"saison","embeddable":true,"href":"https:\/\/langues-en-continu.uqam.ca\/en\/wp-json\/wp\/v2\/saison?post=680"},{"taxonomy":"lieu","embeddable":true,"href":"https:\/\/langues-en-continu.uqam.ca\/en\/wp-json\/wp\/v2\/lieu?post=680"},{"taxonomy":"moment","embeddable":true,"href":"https:\/\/langues-en-continu.uqam.ca\/en\/wp-json\/wp\/v2\/moment?post=680"},{"taxonomy":"public","embeddable":true,"href":"https:\/\/langues-en-continu.uqam.ca\/en\/wp-json\/wp\/v2\/public?post=680"},{"taxonomy":"langue","embeddable":true,"href":"https:\/\/langues-en-continu.uqam.ca\/en\/wp-json\/wp\/v2\/langue?post=680"}],"curies":[{"name":"wp","href":"https:\/\/api.w.org\/{rel}","templated":true}]}}